{"id":32,"date":"2012-12-07T20:36:42","date_gmt":"2012-12-08T01:36:42","guid":{"rendered":"http:\/\/connect.utn.edu.ec\/fica\/carreras\/electronica\/?page_id=32"},"modified":"2016-10-20T12:49:48","modified_gmt":"2016-10-20T17:49:48","slug":"comision-academica-de-carrera","status":"publish","type":"page","link":"https:\/\/telecomunicaciones.utn.edu.ec\/index.php\/comision-academica-de-carrera\/","title":{"rendered":"Consejo Acad\u00e9mico"},"content":{"rendered":"<p align=\"center\"><span style=\"color: #000000;\"><strong>MIEMBROS DEL CONSEJO ACAD\u00c9MICO Abril &#8211; Julio 2013<\/strong><\/span><\/p>\n<table border=\"1\" cellspacing=\"0\" cellpadding=\"0\" align=\"center\">\n<tbody>\n<tr>\n<td style=\"background: #A50417;\" width=\"166\"><\/td>\n<td style=\"background: #7C1E21;\" width=\"145\">\n<p align=\"center\"><span style=\"color: #ffffff;\"><strong>FOTO<\/strong><\/span><\/p>\n<\/td>\n<\/tr>\n<tr>\n<td style=\"padding-left: 5px;\"><span style=\"color: #000000;\">Nombre:<br \/>\n<strong> Ing. Carlos V\u00e1squez<\/strong><\/span><\/p>\n<p><span style=\"color: #000000;\">Designaci\u00f3n:<strong> Coordinador<\/strong><\/span><\/p>\n<p><span style=\"color: #000000;\">email:<strong> cvasquez@utn.edu.ec<\/strong><\/span><\/p>\n<p><span style=\"color: #000000;\">cel: <strong>0996125270<\/strong><\/span><\/td>\n<td>\u00a0<img loading=\"lazy\" decoding=\"async\" class=\"aligncenter size-full wp-image-1114\" style=\"border: 1px solid black; margin-top: 4px;\" title=\"Ing. Carlos V\u00e1squez\" src=\"http:\/\/www.utn.edu.ec\/fica\/carreras\/electronica\/wp-content\/uploads\/2012\/04\/Ingeniero1.jpg\" alt=\"\" width=\"129\" height=\"148\" \/><\/td>\n<\/tr>\n<\/tbody>\n<\/table>\n<table border=\"1\" cellspacing=\"0\" cellpadding=\"0\" align=\"center\">\n<tbody>\n<tr>\n<td style=\"background: #A50417;\" width=\"166\">\n<p align=\"center\"><span style=\"color: #ffffff;\"><strong>INFORMACI\u00d3N<\/strong><\/span><\/p>\n<\/td>\n<td style=\"background: #7C1E21;\" width=\"145\">\n<p align=\"center\"><span style=\"color: #ffffff;\"><strong>FOTO<\/strong><\/span><\/p>\n<\/td>\n<td style=\"background: #A50417;\" width=\"166\">\n<p align=\"center\"><span style=\"color: #ffffff;\"><strong>INFORMACI\u00d3N<\/strong><\/span><\/p>\n<\/td>\n<td style=\"background: #7C1E21;\" width=\"145\">\n<p align=\"center\"><span style=\"color: #ffffff;\"><strong>FOTO<\/strong><\/span><\/p>\n<\/td>\n<\/tr>\n<tr>\n<td style=\"padding-left: 5px;\"><span style=\"color: #000000;\">Nombre:<br \/>\n<strong>\u00a0Ing. Edgar Maya <\/strong><\/span><\/p>\n<p><span style=\"color: #000000;\">Designaci\u00f3n:<br \/>\n<strong>1er. Vocal Principal<\/strong><\/span><\/p>\n<p><span style=\"color: #000000;\">email:<br \/>\n<strong>eamaya@utn.edu.ec<\/strong><\/span><\/p>\n<p><span style=\"color: #000000;\">cel: <strong>0985198101<\/strong><\/span><\/td>\n<td>\u00a0<img loading=\"lazy\" decoding=\"async\" class=\"aligncenter size-full wp-image-1114\" style=\"margin-top: 4px; border: 1px solid black;\" title=\"Edgar Maya\" src=\"http:\/\/www.utn.edu.ec\/fica\/carreras\/electronica\/wp-content\/uploads\/2013\/06\/Edgar-Maya.jpg\" alt=\"\" width=\"129\" height=\"148\" \/><\/td>\n<td style=\"padding-left: 5px;\"><span style=\"color: #000000;\">Nombre:<br \/>\n<strong>\u00a0Ing. Jaime Michilena<\/strong><\/span><\/p>\n<p><span style=\"color: #000000;\">Designaci\u00f3n:<br \/>\n<strong>1er. Vocal Suplente<\/strong><\/span><\/p>\n<p><span style=\"color: #000000;\">email:<br \/>\n<strong>jrmichilena@utn.edu.ec<\/strong><\/span><\/p>\n<p><span style=\"color: #000000;\">cel: <strong>0990746792<\/strong><\/span><\/td>\n<td>\u00a0<img loading=\"lazy\" decoding=\"async\" class=\"aligncenter size-full wp-image-1114\" style=\"margin-top: 4px; border: 1px solid black;\" title=\"Jaime Michilena\" src=\"http:\/\/www.utn.edu.ec\/fica\/carreras\/electronica\/wp-content\/uploads\/2013\/06\/Jaime-Michilena.jpg\" alt=\"\" width=\"129\" height=\"148\" \/><\/td>\n<\/tr>\n<\/tbody>\n<\/table>\n<table border=\"1\" cellspacing=\"0\" cellpadding=\"0\" align=\"center\">\n<tbody>\n<tr>\n<td style=\"background: #A50417;\" width=\"166\"><\/td>\n<td style=\"background: #7C1E21;\" width=\"145\">\n<p align=\"center\"><span style=\"color: #ffffff;\"><strong>FOTO<\/strong><\/span><\/p>\n<\/td>\n<td style=\"background: #A50417;\" width=\"166\">\n<p align=\"center\"><span style=\"color: #ffffff;\"><strong>INFORMACI\u00d3N<\/strong><\/span><\/p>\n<\/td>\n<td style=\"background: #7C1E21;\" width=\"145\">\n<p align=\"center\"><span style=\"color: #ffffff;\"><strong>FOTO<\/strong><\/span><\/p>\n<\/td>\n<\/tr>\n<tr>\n<td style=\"padding-left: 5px;\"><span style=\"color: #000000;\">Nombre:<br \/>\n<strong>\u00a0Ing. Sandra Castro <\/strong><\/span><\/p>\n<p><span style=\"color: #000000;\">Designaci\u00f3n:<br \/>\n<strong>2do. Vocal Principal<\/strong><\/span><\/p>\n<p><span style=\"color: #000000;\">email:<br \/>\n<strong>secastro@utn.edu.ec<\/strong><\/span><\/p>\n<p><span style=\"color: #000000;\">cel: <strong>0999592350<\/strong><\/span><\/td>\n<td>\u00a0<img loading=\"lazy\" decoding=\"async\" class=\"aligncenter size-full wp-image-1114\" style=\"margin-top: 4px; border: 1px solid black;\" title=\"Sandra Castro\" src=\"http:\/\/www.utn.edu.ec\/fica\/carreras\/electronica\/wp-content\/uploads\/2013\/06\/Sandra-Castro.jpg\" alt=\"\" width=\"129\" height=\"148\" \/><\/td>\n<td style=\"padding-left: 5px;\"><span style=\"color: #000000;\">Nombre:<br \/>\n<strong>\u00a0Ing. Omar O\u00f1a<\/strong><\/span><\/p>\n<p><span style=\"color: #000000;\">Designaci\u00f3n:<br \/>\n<strong>2er. Vocal Suplente<\/strong><\/span><\/p>\n<p><span style=\"color: #000000;\">email:<br \/>\n<strong>oonia@utn.edu.ec<\/strong><\/span><\/p>\n<p><span style=\"color: #000000;\">cel: <strong>0998568319<\/strong><\/span><\/td>\n<td>\u00a0<img loading=\"lazy\" decoding=\"async\" class=\"aligncenter size-full wp-image-1114\" style=\"margin-top: 4px; border: 1px solid black;\" title=\"Omar O\u00f1a\" src=\"http:\/\/www.utn.edu.ec\/fica\/carreras\/electronica\/wp-content\/uploads\/2013\/06\/Omar-Onia.jpg\" alt=\"\" width=\"129\" height=\"148\" \/><\/td>\n<\/tr>\n<\/tbody>\n<\/table>\n<table border=\"1\" cellspacing=\"0\" cellpadding=\"0\" align=\"center\">\n<tbody>\n<tr>\n<td style=\"background: #A50417;\" width=\"166\"><\/td>\n<td style=\"background: #7C1E21;\" width=\"145\">\n<p align=\"center\"><span style=\"color: #ffffff;\"><strong>FOTO<\/strong><\/span><\/p>\n<\/td>\n<td style=\"background: #A50417;\" width=\"166\">\n<p align=\"center\"><span style=\"color: #ffffff;\"><strong>INFORMACI\u00d3N<\/strong><\/span><\/p>\n<\/td>\n<td style=\"background: #7C1E21;\" width=\"145\">\n<p align=\"center\"><span style=\"color: #ffffff;\"><strong>FOTO<\/strong><\/span><\/p>\n<\/td>\n<\/tr>\n<tr>\n<td style=\"padding-left: 5px;\"><span style=\"color: #000000;\">Nombre:<br \/>\n<strong>\u00a0Srta. Sof\u00eda Lara <\/strong><\/span><\/p>\n<p><span style=\"color: #000000;\">Designaci\u00f3n-Estudiante:<br \/>\n<strong>1er. Vocal Principal<\/strong><\/span><\/p>\n<p><span style=\"color: #000000;\">email:<br \/>\n<strong>sofianlaye@hotmail.com<\/strong><\/span><\/p>\n<\/td>\n<td>\u00a0<img loading=\"lazy\" decoding=\"async\" class=\"aligncenter size-full wp-image-1114\" style=\"margin-top: 4px; border: 1px solid black;\" title=\"Sof\u00eda Lara\" src=\"http:\/\/www.utn.edu.ec\/fica\/carreras\/electronica\/wp-content\/uploads\/2013\/06\/Sofia-lara.png\" alt=\"\" width=\"129\" height=\"148\" \/><\/td>\n<td style=\"padding-left: 5px;\"><span style=\"color: #000000;\">Nombre:<br \/>\n<strong>\u00a0Sr. Daniel Carrera <\/strong><\/span><\/p>\n<p><span style=\"color: #000000;\">Designaci\u00f3n-Estudiante:<br \/>\n<strong>1er. Vocal suplente<\/strong><\/span><\/p>\n<p><span style=\"color: #000000;\">email:<br \/>\n<strong>carreradaniel055@hotmail.com<\/strong><\/span><\/td>\n<td>\u00a0<img loading=\"lazy\" decoding=\"async\" class=\"aligncenter size-full wp-image-1114\" style=\"margin-top: 4px; border: 1px solid black;\" title=\"Daniel Carrera\" src=\"http:\/\/www.utn.edu.ec\/fica\/carreras\/electronica\/wp-content\/uploads\/2013\/06\/daniel-carrera.jpg\" alt=\"\" width=\"129\" height=\"148\" \/><\/td>\n<\/tr>\n<\/tbody>\n<\/table>\n<hr \/>\n<p><span style=\"color: #000000;\"><a class=\"readon\" href=\"http:\/\/www.utn.edu.ec\/fica\/carreras\/electronica\/wp-content\/uploads\/2012\/12\/Documento_Funciones_Consejo_Academico.pdf\" target=\"_blank\"><span style=\"color: #000000;\">Documento Funciones del Consejo Academico [.pdf | 226kb]<\/span><\/a><\/span><\/p>\n","protected":false},"excerpt":{"rendered":"<p>MIEMBROS DEL CONSEJO ACAD\u00c9MICO Abril &#8211; Julio 2013 FOTO Nombre: Ing. Carlos V\u00e1squez Designaci\u00f3n: Coordinador email: cvasquez@utn.edu.ec cel: 0996125270 \u00a0 INFORMACI\u00d3N FOTO INFORMACI\u00d3N FOTO Nombre: \u00a0Ing. Edgar Maya Designaci\u00f3n: 1er. Vocal Principal email: eamaya@utn.edu.ec cel: 0985198101 \u00a0 Nombre: \u00a0Ing. Jaime Michilena Designaci\u00f3n: 1er. Vocal Suplente email: jrmichilena@utn.edu.ec cel: 0990746792 \u00a0 <a href=\"https:\/\/telecomunicaciones.utn.edu.ec\/index.php\/comision-academica-de-carrera\/\" class=\"read-more\">Leer M\u00e1s [+] &#8230;<\/a><\/p>\n","protected":false},"author":8,"featured_media":0,"parent":0,"menu_order":1,"comment_status":"closed","ping_status":"closed","template":"","meta":{"footnotes":""},"class_list":["post-32","page","type-page","status-publish","hentry"],"_links":{"self":[{"href":"https:\/\/telecomunicaciones.utn.edu.ec\/index.php\/wp-json\/wp\/v2\/pages\/32","targetHints":{"allow":["GET"]}}],"collection":[{"href":"https:\/\/telecomunicaciones.utn.edu.ec\/index.php\/wp-json\/wp\/v2\/pages"}],"about":[{"href":"https:\/\/telecomunicaciones.utn.edu.ec\/index.php\/wp-json\/wp\/v2\/types\/page"}],"author":[{"embeddable":true,"href":"https:\/\/telecomunicaciones.utn.edu.ec\/index.php\/wp-json\/wp\/v2\/users\/8"}],"replies":[{"embeddable":true,"href":"https:\/\/telecomunicaciones.utn.edu.ec\/index.php\/wp-json\/wp\/v2\/comments?post=32"}],"version-history":[{"count":31,"href":"https:\/\/telecomunicaciones.utn.edu.ec\/index.php\/wp-json\/wp\/v2\/pages\/32\/revisions"}],"predecessor-version":[{"id":1470,"href":"https:\/\/telecomunicaciones.utn.edu.ec\/index.php\/wp-json\/wp\/v2\/pages\/32\/revisions\/1470"}],"wp:attachment":[{"href":"https:\/\/telecomunicaciones.utn.edu.ec\/index.php\/wp-json\/wp\/v2\/media?parent=32"}],"curies":[{"name":"wp","href":"https:\/\/api.w.org\/{rel}","templated":true}]}}